{"id":20670,"date":"2026-08-28T16:13:07","date_gmt":"2026-08-28T14:13:07","guid":{"rendered":"https:\/\/www.grandezzemeraviglie.it\/?post_type=tribe_events&p=20670"},"modified":"2026-09-01T11:00:07","modified_gmt":"2026-09-01T09:00:07","slug":"il-diluvio-universale","status":"publish","type":"tribe_events","link":"https:\/\/www.grandezzemeraviglie.it\/fr\/evento\/il-diluvio-universale\/","title":{"rendered":"IL DILUVIO UNIVERSALE"},"content":{"rendered":"<p style=\"text-align: center;\">Sabato 19 settembre MODENA<br \/>\nChiesa di Sant\u2019Agostino ore 20.30<\/p>\n<p style=\"text-align: center;\">I<strong>L DILUVIO UNIVERSALE<\/strong><br \/>\n<strong>DIALOGO \u00c0 CINQUE VOCI E STRUMENTI (1682)<\/strong><br \/>\n<strong>ORATORIO POSTO IN MUSICA DA MICHELANGELO FALVETTI, <\/strong><br \/>\n<strong>TESTO DI VINCENZO GIATTINI<\/strong><br \/>\nin occasione del Festival<em>filosofia<\/em><\/p>\n<p style=\"text-align: center;\">NO\u00c8 Niccol\u00f2 Perego<br \/>\nRAD Federica Gasparella<br \/>\nDIO Alberto Peretti<br \/>\nGIUSTIZIA DIVINA Arthur Rigal Gavioli<br \/>\nNATURA HUMANA Bianca Beltrami<br \/>\nMORTE Yui Mochizuki<br \/>\nACQUA Mariela Flores<br \/>\nARIA Marina Kerdraon<br \/>\nFUOCO Carlo Prampolini<br \/>\nTERRA Andrea Lagomarsino<\/p>\n<p style=\"text-align: center;\"><strong>VOCI E STRUMENTI &#8211; CRESCERE IN MUSICA BAROQUE<\/strong><\/p>\n<p style=\"text-align: center;\"><em>Soprani<\/em><br \/>\nFederica Gasparella, Mariela Flores, Chiara Muratori,<br \/>\nBianca Beltrami, Marina Kerdraon, Matilde Leonardi<\/p>\n<p style=\"text-align: center;\"><em>Alti<\/em><br \/>\nArthur Rigal Gavioli, Yui Mochizuki, Miguel Ulla Berdullas<\/p>\n<p style=\"text-align: center;\"><em>Tenori<\/em><br \/>\nNiccol\u00f2 Perego, Carlo Prampolini, Andrea Caruso<\/p>\n<p style=\"text-align: center;\"><em>Bassi<\/em><br \/>\nAlberto Peretti, Andrea Lagomarsino, Giacomo Contro<\/p>\n<p style=\"text-align: center;\">Luiza Labouriau <em>violino primo<\/em><br \/>\nAdele P\u00e4tz <em>violino secondo<\/em><br \/>\nNataliia Neshmonina <em>viola prima<\/em><br \/>\nLudovica Lanaro <em>viola seconda<\/em><br \/>\nAnna Grendene <em>violoncello<\/em><br \/>\nEmanuela Guarise <em>violone<\/em><br \/>\nAlessandro Gonfiantini <em>arciliuto e chitarra barocca<\/em><\/p>\n<p style=\"text-align: center;\">Sergio Gasparella <em>direzione al cembalo e all\u2019organo<\/em><\/p>\n<p style=\"text-align: center;\">Alberto Allegrezza <em>regista e docente di gestualit\u00e0 storicamente informata <\/em><br \/>\nBernd Niedecken <em>danzatore e coreografo<\/em><br \/>\nMartin Kn\u00f6rzer<em> danzatore<\/em><\/p>\n<p style=\"text-align: center;\"><strong>MICHELANGELO FALVETTI (1642-1697)<\/strong><br \/>\nIn Cielo<br \/>\nPrologo con Giustizia Divina che invoca i quattro elementi contro l&rsquo;umanit\u00e0 empia.<br \/>\nIn Terra<br \/>\nDialogo tra No\u00e8, Rad e Dio sulla punizione imminente.<br \/>\nIl Diluvio<br \/>\nTempesta, grida dell&rsquo;umanit\u00e0 e trionfo della Morte (con tarantella).<br \/>\nIn l&rsquo;Arca di No\u00e8<br \/>\nRiconciliazione con l&rsquo;arcobaleno e coro finale di giubilo.<\/p>\n<p style=\"text-align: center;\">Exemple virtuose de dialogue baroque, Le D\u00e9luge de Michelangelo Falvetti transforme le r\u00e9cit de l&rsquo;Ancien Testament en une repr\u00e9sentation all\u00e9gorique raffin\u00e9e. Dans le texte de Vincenzo Giattini, l&rsquo;action implique non seulement No\u00e9, sa femme Rad et la voix de Dieu, mais fait \u00e9galement intervenir des figures symboliques et les forces m\u00eames de la nature. La Justice Divine convoque les quatre \u00c9l\u00e9ments \u2014 l\u2019Eau, l\u2019Air, le Feu et la Terre \u2014 et en fait les instruments de la punition inflig\u00e9e \u00e0 l\u2019humanit\u00e9 corrompue. La partition traduit la fureur du cataclysme avec une vigueur th\u00e9\u00e2trale, jusqu&rsquo;\u00e0 l&rsquo;apparition de la Mort qui c\u00e9l\u00e8bre sa victoire au rythme effr\u00e9n\u00e9 d&rsquo;une tarentelle. Enfin, ce sera le signe de l&rsquo;arc-en-ciel qui ram\u00e8nera l&rsquo;harmonie, symbolisant la r\u00e9conciliation entre le Cr\u00e9ateur et le cosmos. Cette production, con\u00e7ue pour le Festivalfilosofia, met en sc\u00e8ne l&rsquo;ensemble baroque Crescere in Musica dirig\u00e9 par Sergio Gasparella, avec une mise en sc\u00e8ne et une gestuelle baroques d&rsquo;Alberto Allegrezza et une chor\u00e9graphie de Bernd Niedecken.<\/p>\n<p style=\"text-align: center;\"><strong>Suivez-nous sur nos profils sociaux pour les derni\u00e8res nouvelles !<\/strong><br \/>\n<strong><a href=\"https:\/\/www.facebook.com\/grandezzemeraviglie\">Facebook<\/a> | <a href=\"https:\/\/www.instagram.com\/grandezze_meraviglie\/\">Instagram<\/a> | <a href=\"https:\/\/youtube.com\/@grandezzemeravigliefestiva2396?si=NKvPxqtSDvaXGkn1\">YouTube<\/a><\/strong><\/p>\n<p style=\"text-align: center;\"><strong>Abonnez-vous \u00e0 notre lettre d&rsquo;information pour rester inform\u00e9 !<\/strong><\/p>\n","protected":false},"excerpt":{"rendered":"<p>Sabato 19 settembre MODENA Chiesa di Sant\u2019Agostino ore 20.30 IL DILUVIO UNIVERSALE DIALOGO \u00c0 CINQUE VOCI E STRUMENTI (1682) ORATORIO POSTO IN MUSICA DA MICHELANGELO FALVETTI, TESTO DI VINCENZO GIATTINI [&hellip;]<\/p>\n","protected":false},"author":2,"featured_media":20665,"template":"","meta":{"_tribe_events_status":"","_tribe_events_status_reason":"","_tribe_events_is_hybrid":"","_tribe_events_is_virtual":"","_tribe_events_virtual_video_source":"","_tribe_events_virtual_embed_video":"","_tribe_events_virtual_linked_button_text":"","_tribe_events_virtual_linked_button":"","_tribe_events_virtual_show_embed_at":"","_tribe_events_virtual_show_embed_to":[],"_tribe_events_virtual_show_on_event":"","_tribe_events_virtual_show_on_views":"","_tribe_events_virtual_url":"","footnotes":""},"tags":[],"tribe_events_cat":[736],"edizione":[759],"class_list":["post-20670","tribe_events","type-tribe_events","status-publish","has-post-thumbnail","hentry","tribe_events_cat-concerto-modena-fr","edizione-grandezze-meraviglie-2026-xxix-festival-musicale-estense-fr","cat_concerto-modena-fr"],"_links":{"self":[{"href":"https:\/\/www.grandezzemeraviglie.it\/fr\/wp-json\/wp\/v2\/tribe_events\/20670","targetHints":{"allow":["GET"]}}],"collection":[{"href":"https:\/\/www.grandezzemeraviglie.it\/fr\/wp-json\/wp\/v2\/tribe_events"}],"about":[{"href":"https:\/\/www.grandezzemeraviglie.it\/fr\/wp-json\/wp\/v2\/types\/tribe_events"}],"author":[{"embeddable":true,"href":"https:\/\/www.grandezzemeraviglie.it\/fr\/wp-json\/wp\/v2\/users\/2"}],"version-history":[{"count":1,"href":"https:\/\/www.grandezzemeraviglie.it\/fr\/wp-json\/wp\/v2\/tribe_events\/20670\/revisions"}],"predecessor-version":[{"id":20961,"href":"https:\/\/www.grandezzemeraviglie.it\/fr\/wp-json\/wp\/v2\/tribe_events\/20670\/revisions\/20961"}],"wp:featuredmedia":[{"embeddable":true,"href":"https:\/\/www.grandezzemeraviglie.it\/fr\/wp-json\/wp\/v2\/media\/20665"}],"wp:attachment":[{"href":"https:\/\/www.grandezzemeraviglie.it\/fr\/wp-json\/wp\/v2\/media?parent=20670"}],"wp:term":[{"taxonomy":"post_tag","embeddable":true,"href":"https:\/\/www.grandezzemeraviglie.it\/fr\/wp-json\/wp\/v2\/tags?post=20670"},{"taxonomy":"tribe_events_cat","embeddable":true,"href":"https:\/\/www.grandezzemeraviglie.it\/fr\/wp-json\/wp\/v2\/tribe_events_cat?post=20670"},{"taxonomy":"edizione","embeddable":true,"href":"https:\/\/www.grandezzemeraviglie.it\/fr\/wp-json\/wp\/v2\/edizione?post=20670"}],"curies":[{"name":"wp","href":"https:\/\/api.w.org\/{rel}","templated":true}]}}